{"id":3651,"date":"2024-12-14T22:56:26","date_gmt":"2024-12-14T21:56:26","guid":{"rendered":"https:\/\/www.aktivaseniorerlerum.se\/?page_id=3651"},"modified":"2025-12-21T18:01:21","modified_gmt":"2025-12-21T17:01:21","slug":"musik-vt2025","status":"publish","type":"page","link":"https:\/\/www.aktivaseniorerlerum.se\/?page_id=3651","title":{"rendered":"Musik VT2026"},"content":{"rendered":"\n<p><strong>Operan La Boh\u00e8me p\u00e5 G\u00f6teborgsOperan<\/strong><\/p>\n<p><strong>Torsdag den 15 januari\u00a0\u00a0\u00a0\u00a0\u00a0\u00a0\u00a0\u00a0\u00a0\u00a0\u00a0\u00a0\u00a0\u00a0\u00a0\u00a0\u00a0 kl 19.00\u00a0\u00a0\u00a0\u00a0\u00a0 \u00a0\u00a0\u00a0\u00a0\u00a0\u00a0\u00a0\u00a0\u00a0\u00a0\u00a0\u00a0\u00a0\u00a0\u00a0\u00a0\u00a0 nr 28<\/strong><\/p>\n<p><strong> <a href=\"https:\/\/www.aktivaseniorerlerum.se\/?attachment_id=4052\" rel=\"attachment wp-att-4052\"><img loading=\"lazy\" decoding=\"async\" class=\"aligncenter size-full wp-image-4052\" src=\"http:\/\/media1.aktivaseniorerlerum.se\/2025\/12\/La-Boheme.jpg\" alt=\"\" width=\"1073\" height=\"1045\" srcset=\"http:\/\/media1.aktivaseniorerlerum.se\/2025\/12\/La-Boheme.jpg 1073w, http:\/\/media1.aktivaseniorerlerum.se\/2025\/12\/La-Boheme-300x292.jpg 300w, http:\/\/media1.aktivaseniorerlerum.se\/2025\/12\/La-Boheme-1024x997.jpg 1024w, http:\/\/media1.aktivaseniorerlerum.se\/2025\/12\/La-Boheme-768x748.jpg 768w, http:\/\/media1.aktivaseniorerlerum.se\/2025\/12\/La-Boheme-308x300.jpg 308w\" sizes=\"auto, (max-width: 1073px) 100vw, 1073px\" \/><\/a><\/strong><\/p>\n<p>I Puccinis opera fr\u00e5n 1896 flyger musiken lika h\u00f6gt som ungdomens dr\u00f6mmar. Poeten Rodolfo (Adam Frandsen) st\u00f6ter ihop med sin granne Mimi. Han k\u00e4nner att hon \u00e4r s\u00e5 kall om handen och en f\u00f6r\u00e4lskelse uppst\u00e5r. Mimi spelas av Ida Falk Winland\/ Matilda Sterby.<\/p>\n<p>G\u00f6teborgsoperans hyllade upps\u00e4ttning fr\u00e5n 2020 utspelar sig p\u00e5 1970-talet, en tid av studentrevolter och protestmarscher. Lycka och f\u00f6rtvivlan existerar sida vid sida.<\/p>\n<p><strong>Vi har 24 platser p\u00e5 \u00f6vre parkett.<\/strong><\/p>\n<p><strong>Vid anm\u00e4lan uppge mejladress s\u00e5 skickas biljetterna.<\/strong><\/p>\n<p>Anm\u00e4lan:\u00a0\u00a0\u00a0\u00a0\u00a0\u00a0 <strong>snarast<br \/><\/strong>Kostnad:\u00a0 \u00a0\u00a0\u00a0\u00a0 <strong>495 kr <\/strong>(pension\u00e4rspris)<br \/>Betalas till: \u00a0\u00a0 bankgiro <strong>5236-7273 senast onsdag 31 december<br \/><\/strong>Ansvarig:\u00a0\u00a0 \u00a0\u00a0 <strong>Ingela Bj\u00f6rn\u00e5sen Nystr\u00f6m, tel 070-822 82 19.<\/strong><strong><br \/><\/strong><\/p>\n<hr \/>\n<p><strong>Falkenbergsrevyn H\u00f6gt Spel <\/strong><strong>\u2013<\/strong><strong> en svindlande revy<\/strong><\/p>\n<p><strong>L\u00f6rdag den 14 mars\u00a0\u00a0\u00a0 \u00a0\u00a0\u00a0\u00a0\u00a0\u00a0\u00a0\u00a0\u00a0\u00a0\u00a0\u00a0\u00a0\u00a0\u00a0\u00a0 kl 11.15\u00a0\u00a0\u00a0\u00a0\u00a0 \u00a0\u00a0\u00a0\u00a0\u00a0\u00a0\u00a0\u00a0\u00a0\u00a0\u00a0\u00a0\u00a0\u00a0\u00a0\u00a0\u00a0 nr 29<\/strong><\/p>\n<p>Vi reser med V\u00e5rg\u00e5rdabuss fr\u00e5n Lerums station kl 11.15. \u00c5ter ca kl 19.15.<\/p>\n<p><a href=\"https:\/\/www.aktivaseniorerlerum.se\/?attachment_id=4053\" rel=\"attachment wp-att-4053\"><img loading=\"lazy\" decoding=\"async\" class=\"aligncenter size-full wp-image-4053\" src=\"http:\/\/media1.aktivaseniorerlerum.se\/2025\/12\/Falkenbersrevyn.jpg\" alt=\"\" width=\"707\" height=\"395\" srcset=\"http:\/\/media1.aktivaseniorerlerum.se\/2025\/12\/Falkenbersrevyn.jpg 707w, http:\/\/media1.aktivaseniorerlerum.se\/2025\/12\/Falkenbersrevyn-300x168.jpg 300w, http:\/\/media1.aktivaseniorerlerum.se\/2025\/12\/Falkenbersrevyn-500x279.jpg 500w\" sizes=\"auto, (max-width: 707px) 100vw, 707px\" \/><\/a><\/p>\n<p>Falkenbergsrevyn g\u00f6r en ny h\u00f6jdare!<\/p>\n<p>Revyn driver med v\u00e5r samtid och g\u00f6r det med humor och finess. V\u00e4rlden blir inte roligare \u00e4n vi g\u00f6r den. I en tid av oroliga utsikter, har revyn goda avsikter, att sprida roliga insikter. Det kan g\u00e4lla alltifr\u00e5n h\u00f6ga tullar och kaffepriser och Kungens sv\u00e5righeter att h\u00e5lla reda p\u00e5 sina barnbarn till att skoja med plattmasken, toppm\u00f6ten och regeringens katapultstol n\u00e4r det g\u00e4ller h\u00f6ga chefer och mycket, mycket mer\u2026.<\/p>\n<p>Falkenbergsrevyns m\u00e5l \u00e4r att publiken ska ha riktigt roligt och runt 250 skratt eller tv\u00e5 garv i minuten r\u00e4knas som en garanti f\u00f6r det.<\/p>\n<p>Vi kommer till Falkenberg ca kl 13:00 och \u00e4ter en buff\u00e9lunch p\u00e5 restaurang SISI som ligger v\u00e4gg i v\u00e4gg med teatern. Kl 15:00 b\u00f6rjar f\u00f6rest\u00e4llningen som varar i 2,5 timma inkl. paus. En kvart efter f\u00f6rest\u00e4llningen startar hemresan.<\/p>\n<p><strong>Priset g\u00e4ller vid 50 deltagare.<\/strong><\/p>\n<p>Anm\u00e4lan:\u00a0\u00a0\u00a0\u00a0\u00a0\u00a0 <strong>tidigast tisdag 13 januari kl. 09.00\u201311.00<br \/><\/strong>Kostnad:\u00a0\u00a0\u00a0\u00a0\u00a0\u00a0\u00a0 <strong>1195 kr<\/strong> p\u00e5 parkettrad 13\u201315, inkl. buss och lunchbuff\u00e9 p\u00e5 SISI<br \/>Betalas till: \u00a0\u00a0 bankgiro <strong>5236-7273 senast torsdag 29 januari<br \/><\/strong>Ansvarig: \u00a0\u00a0\u00a0\u00a0\u00a0 <strong>Bengt-G\u00f6ran Persson, tel 070-726 01 12<\/strong><\/p>\n<hr \/>\n<p>\u00a0<\/p>\n\n\n","protected":false},"excerpt":{"rendered":"<p>Operan La Boh\u00e8me p\u00e5 G\u00f6teborgsOperan Torsdag den 15 januari\u00a0\u00a0\u00a0\u00a0\u00a0\u00a0\u00a0\u00a0\u00a0\u00a0\u00a0\u00a0\u00a0\u00a0\u00a0\u00a0\u00a0 kl 19.00\u00a0\u00a0\u00a0\u00a0\u00a0 \u00a0\u00a0\u00a0\u00a0\u00a0\u00a0\u00a0\u00a0\u00a0\u00a0\u00a0\u00a0\u00a0\u00a0\u00a0\u00a0\u00a0 nr 28 I Puccinis opera fr\u00e5n 1896 flyger musiken lika h\u00f6gt som ungdomens dr\u00f6mmar. Poeten Rodolfo (Adam Frandsen) st\u00f6ter ihop med sin granne Mimi. Han k\u00e4nner att hon &hellip; <a href=\"https:\/\/www.aktivaseniorerlerum.se\/?page_id=3651\">Forts\u00e4tt l\u00e4sa <span class=\"meta-nav\">&rarr;<\/span><\/a><\/p>\n","protected":false},"author":1,"featured_media":0,"parent":0,"menu_order":0,"comment_status":"closed","ping_status":"closed","template":"","meta":{"footnotes":""},"class_list":["post-3651","page","type-page","status-publish","hentry"],"_links":{"self":[{"href":"https:\/\/www.aktivaseniorerlerum.se\/index.php?rest_route=\/wp\/v2\/pages\/3651","targetHints":{"allow":["GET"]}}],"collection":[{"href":"https:\/\/www.aktivaseniorerlerum.se\/index.php?rest_route=\/wp\/v2\/pages"}],"about":[{"href":"https:\/\/www.aktivaseniorerlerum.se\/index.php?rest_route=\/wp\/v2\/types\/page"}],"author":[{"embeddable":true,"href":"https:\/\/www.aktivaseniorerlerum.se\/index.php?rest_route=\/wp\/v2\/users\/1"}],"replies":[{"embeddable":true,"href":"https:\/\/www.aktivaseniorerlerum.se\/index.php?rest_route=%2Fwp%2Fv2%2Fcomments&post=3651"}],"version-history":[{"count":8,"href":"https:\/\/www.aktivaseniorerlerum.se\/index.php?rest_route=\/wp\/v2\/pages\/3651\/revisions"}],"predecessor-version":[{"id":4055,"href":"https:\/\/www.aktivaseniorerlerum.se\/index.php?rest_route=\/wp\/v2\/pages\/3651\/revisions\/4055"}],"wp:attachment":[{"href":"https:\/\/www.aktivaseniorerlerum.se\/index.php?rest_route=%2Fwp%2Fv2%2Fmedia&parent=3651"}],"curies":[{"name":"wp","href":"https:\/\/api.w.org\/{rel}","templated":true}]}}